{"id":18188,"date":"2023-05-25T08:02:26","date_gmt":"2023-05-25T07:02:26","guid":{"rendered":"https:\/\/www.bibnet.lu\/blog\/?page_id=18188"},"modified":"2023-08-18T14:54:29","modified_gmt":"2023-08-18T13:54:29","slug":"phases-dadhesion-2023","status":"publish","type":"page","link":"https:\/\/www.bibnet.lu\/blog\/?page_id=18188","title":{"rendered":"Phases d&#8217;adh\u00e9sion"},"content":{"rendered":"\n<div style=\"height:20px\" aria-hidden=\"true\" class=\"wp-block-spacer\"><\/div>\n\n\n\n<p>L\u2019\u00e9quipe de la division du r\u00e9seau des biblioth\u00e8ques luxembourgeoises bibnet.lu de la BnL vous guidera tout au long des d\u00e9marches \u00e0 faire, n\u2019h\u00e9sitez pas \u00e0 nous contacter en envoyant un message \u00e0 <a href=\"mailto:bibnet@bnl.etat.lu\">bibnet@bnl.etat.lu<\/a>.<\/p>\n\n\n\n<p>L\u2019adh\u00e9sion au r\u00e9seau bibnet.lu se fait en plusieurs \u00e9tapes :<\/p>\n\n\n\n<div style=\"height:15px\" aria-hidden=\"true\" class=\"wp-block-spacer\"><\/div>\n\n\n\n<h4 class=\"wp-block-heading\">1. Phase pr\u00e9liminaire<\/h4>\n\n\n\n<div style=\"height:8px\" aria-hidden=\"true\" class=\"wp-block-spacer\"><\/div>\n\n\n\n<p>1. Demande d\u2019adh\u00e9sion par \u00e9crit de la part de votre direction \u00e0 la direction de la Biblioth\u00e8que nationale.<\/p>\n\n\n\n<p>2. <a rel=\"noreferrer noopener\" href=\"https:\/\/www.bibnet.lu\/blog\/?page_id=8711\" target=\"_blank\">Questionnaire<\/a> sur votre biblioth\u00e8que \u00e0 remplir et \u00e0 renvoyer par courriel \u00e0 <a href=\"mailto:bibnet@bnl.etat.lu\">bibnet@bnl.etat.lu<\/a><\/p>\n\n\n\n<p><\/p>\n\n\n\n<div style=\"height:20px\" aria-hidden=\"true\" class=\"wp-block-spacer\"><\/div>\n\n\n\n<h4 class=\"wp-block-heading\">2. Phase d&#8217;adh\u00e9sion<\/h4>\n\n\n\n<div style=\"height:8px\" aria-hidden=\"true\" class=\"wp-block-spacer\"><\/div>\n\n\n\n<p><strong>1. R\u00e9union afin de d\u00e9finir un calendrier d\u2019adh\u00e9sion commun<\/strong>, et de pr\u00e9senter un projet de convention ainsi que les pr\u00e9requis n\u00e9cessaires en mati\u00e8re d\u2019infrastructure, personnel et acc\u00e8s \u00e0 la plateforme Alma.<\/p>\n\n\n\n<div style=\"height:20px\" aria-hidden=\"true\" class=\"wp-block-spacer\"><\/div>\n\n\n\n<p class=\"has-vivid-red-color has-text-color\"><strong>Pr\u00e9requis important : disposer d\u2019une adresse professionnelle personnalis\u00e9e (p.ex. <\/strong><a href=\"mailto:prenom.nom@test.lu\"><strong>prenom.nom@test.lu<\/strong><\/a><strong>) ainsi que d\u2019un produit LuxTrust pour les \u00e9tapes qui suivent<\/strong><\/p>\n\n\n\n<p class=\"has-vivid-red-color has-text-color\">&#8211;<strong>Commande d\u2019un produit LuxTrust (professionnel ou priv\u00e9)<\/strong><\/p>\n\n\n\n<p class=\"has-vivid-red-color has-text-color\">&#8211;<strong>Activation d\u2019un produit LuxTrust<\/strong><\/p>\n\n\n\n<p class=\"has-vivid-red-color has-text-color\"><strong>Renseignez votre produit Lux Trust dans votre compte IAM (attribu\u00e9 par l\u2019Etat, la commune ou bibnet)<\/strong><\/p>\n\n\n\n<div style=\"height:8px\" aria-hidden=\"true\" class=\"wp-block-spacer\"><\/div>\n\n\n\n<p><strong><em>Attention<\/em><\/strong><em>&nbsp;: votre certificat LuxTrust comporte vos donn\u00e9es personnelles et permet de r\u00e9aliser des op\u00e9rations d\u2019authentification en ligne ou des op\u00e9rations de signature. Ainsi, il est important que les d\u00e9tenteurs de certificats LuxTrust respectent certaines mesures de s\u00e9curit\u00e9.<\/em><\/p>\n\n\n\n<div style=\"height:8px\" aria-hidden=\"true\" class=\"wp-block-spacer\"><\/div>\n\n\n\n<ul class=\"wp-block-list\">\n<li><em>ne jamais laisser son certificat sans surveillance<\/em><\/li>\n\n\n\n<li><em>ne pas confier son certificat et son code d\u2019acc\u00e8s \u00e0 une tierce personne<\/em><\/li>\n\n\n\n<li><em>conserver tous ses codes d\u2019acc\u00e8s en s\u00e9curit\u00e9<\/em><\/li>\n<\/ul>\n\n\n\n<div style=\"height:15px\" aria-hidden=\"true\" class=\"wp-block-spacer\"><\/div>\n\n\n\n<p><strong>2. Faire une demande d\u2019acc\u00e8s \u00e0 ALMA,<\/strong> qui se trouve sur le Blog de bibnet \u00e0 la page <a href=\"https:\/\/www.bibnet.lu\/blog\/wp-content\/uploads\/2023\/03\/BNL-IAM-CTIE-EDU-FRE-011_Demande_acces_ALMA.pdf\">https:\/\/www.bibnet.lu\/blog\/wp-content\/uploads\/2023\/03\/BNL-IAM-CTIE-EDU-FRE-011_Demande_acces_ALMA.pdf<\/a> et envoyez-l\u00e0 \u00e0 la personne responsable<\/p>\n\n\n\n<div style=\"height:15px\" aria-hidden=\"true\" class=\"wp-block-spacer\"><\/div>\n\n\n\n<p><strong>3. Compl\u00e9ter l\u2019\u00e9quipement de votre biblioth\u00e8que<\/strong> <\/p>\n\n\n\n<p>Toutes les biblioth\u00e8ques membres du r\u00e9seau bibnet.lu sont pri\u00e9s de s\u2019\u00e9quiper avec le mat\u00e9riel suivant :<\/p>\n\n\n\n<p>1 ordinateur PC<\/p>\n\n\n\n<p><a href=\"https:\/\/www.bibnet.lu\/blog\/?page_id=3742\" target=\"_blank\" rel=\"noreferrer noopener\">1 lecteur de code-barres<\/a><\/p>\n\n\n\n<div style=\"height:16px\" aria-hidden=\"true\" class=\"wp-block-spacer\"><\/div>\n\n\n\n<p>En option:<\/p>\n\n\n\n<p>-imprimante de documents pour l\u2019impression A4 (lettres, r\u00e9servations\u2026)<\/p>\n\n\n\n<p>-\u00e9tiqueteuse pour l\u2019impression d\u2019\u00e9tiquettes de cote sur des rubans ou des \u00e9tiquettes adh\u00e9sives ou<\/p>\n\n\n\n<p>-imprimante de cartes de lecteur<\/p>\n\n\n\n<div style=\"height:15px\" aria-hidden=\"true\" class=\"wp-block-spacer\"><\/div>\n\n\n\n<p><strong>4. Signature de la <\/strong><a rel=\"noreferrer noopener\" href=\"https:\/\/www.bibnet.lu\/blog\/?page_id=8728\" target=\"_blank\"><strong>convention d\u2019adh\u00e9sion<\/strong><\/a><strong> entre votre biblioth\u00e8que et la BnL<\/strong><\/p>\n","protected":false},"excerpt":{"rendered":"<p>L\u2019\u00e9quipe de la division du r\u00e9seau des biblioth\u00e8ques luxembourgeoises bibnet.lu de la BnL vous guidera tout au long des d\u00e9marches \u00e0 faire, n\u2019h\u00e9sitez pas \u00e0 nous contacter en envoyant un message \u00e0 bibnet@bnl.etat.lu. L\u2019adh\u00e9sion au r\u00e9seau bibnet.lu se fait en plusieurs \u00e9tapes : 1. Phase pr\u00e9liminaire 1. Demande d\u2019adh\u00e9sion par \u00e9crit de la part de [&hellip;]<\/p>\n","protected":false},"author":11,"featured_media":0,"parent":0,"menu_order":0,"comment_status":"closed","ping_status":"closed","template":"","meta":{"footnotes":""},"class_list":["post-18188","page","type-page","status-publish","hentry"],"_links":{"self":[{"href":"https:\/\/www.bibnet.lu\/blog\/index.php?rest_route=\/wp\/v2\/pages\/18188","targetHints":{"allow":["GET"]}}],"collection":[{"href":"https:\/\/www.bibnet.lu\/blog\/index.php?rest_route=\/wp\/v2\/pages"}],"about":[{"href":"https:\/\/www.bibnet.lu\/blog\/index.php?rest_route=\/wp\/v2\/types\/page"}],"author":[{"embeddable":true,"href":"https:\/\/www.bibnet.lu\/blog\/index.php?rest_route=\/wp\/v2\/users\/11"}],"replies":[{"embeddable":true,"href":"https:\/\/www.bibnet.lu\/blog\/index.php?rest_route=%2Fwp%2Fv2%2Fcomments&post=18188"}],"version-history":[{"count":7,"href":"https:\/\/www.bibnet.lu\/blog\/index.php?rest_route=\/wp\/v2\/pages\/18188\/revisions"}],"predecessor-version":[{"id":18383,"href":"https:\/\/www.bibnet.lu\/blog\/index.php?rest_route=\/wp\/v2\/pages\/18188\/revisions\/18383"}],"wp:attachment":[{"href":"https:\/\/www.bibnet.lu\/blog\/index.php?rest_route=%2Fwp%2Fv2%2Fmedia&parent=18188"}],"curies":[{"name":"wp","href":"https:\/\/api.w.org\/{rel}","templated":true}]}}